{"id":3,"date":"2022-07-01T13:40:18","date_gmt":"2022-07-01T13:40:18","guid":{"rendered":"https:\/\/flamtec.es\/?page_id=3"},"modified":"2025-04-07T07:16:39","modified_gmt":"2025-04-07T07:16:39","slug":"politica-de-privacidad","status":"publish","type":"page","link":"https:\/\/flamtec.es\/fr\/politica-de-privacidad\/","title":{"rendered":"Politique de confidentialit\u00e9"},"content":{"rendered":"<p>La confidentialit\u00e9 et la s\u00e9curit\u00e9 sont des valeurs fondamentales de <strong>FLAMTEC COMBUSTSION IBERICA, S.L.<\/strong>. et nous nous engageons donc \u00e0 garantir votre vie priv\u00e9e \u00e0 tout moment et \u00e0 ne pas collecter d'informations inutiles. Nous vous fournissons ci-dessous toutes les informations n\u00e9cessaires sur notre politique de confidentialit\u00e9 en ce qui concerne les donn\u00e9es personnelles que nous collectons, en expliquant :<\/p>\n\n\n\n<ul class=\"wp-block-list\">\n<li>Qui est responsable du traitement de vos donn\u00e9es.<\/li>\n\n\n\n<li>\u00c0 quelles fins nous collectons les donn\u00e9es que nous vous demandons.<\/li>\n\n\n\n<li>Quelle est la l\u00e9gitimit\u00e9 de son traitement.<\/li>\n\n\n\n<li>Dur\u00e9e de conservation.<\/li>\n\n\n\n<li>Les destinataires de vos donn\u00e9es.<\/li>\n\n\n\n<li>Quels sont vos droits et comment les exercer.<\/li>\n<\/ul>\n\n\n\n<h3 class=\"wp-block-heading\" id=\"h-responsable\"><strong>RESPONSABLE :<\/strong><\/h3>\n\n\n\n<p>FLAMTEC COMBUSTSION IBERICA, S.L. B66974247<br>Carretera C17 Km 25, 4 Nave B (08403, Granollers)<br><a href=\"mailto:administracion@flamtec.es\" target=\"_blank\" rel=\"noreferrer noopener\">administracion@flamtec.es<\/a><\/p>\n\n\n\n<h3 class=\"wp-block-heading\" id=\"h-finalidades-legitimacion-y-conservacion-de-los-tratamientos-de-los-datos-enviados-a-traves-de\"><strong>OBJECTIFS, L\u00c9GITIMIT\u00c9 ET CONSERVATION du traitement des donn\u00e9es envoy\u00e9es par l'interm\u00e9diaire :<\/strong><\/h3>\n\n\n\n<p><a href=\"https:\/\/flamtec.es\/fr\/contacto\/\">- Formulaire de contact.<\/a><\/p>\n\n\n\n<p>Finalit\u00e9 : vous permettre de nous contacter et de r\u00e9pondre \u00e0 vos demandes d'information, ainsi que de vous envoyer des communications sur nos produits, services et activit\u00e9s, y compris par voie \u00e9lectronique (e-mail, SMS, etc.), si vous cochez la case d'acceptation.<\/p>\n\n\n\n<p>L\u00e9gitimation : le consentement de l'utilisateur lorsqu'il demande des informations par le biais de notre formulaire de contact et qu'il coche la case pour accepter l'envoi d'informations.<\/p>\n\n\n\n<p>Conservation : une fois que votre demande a \u00e9t\u00e9 r\u00e9solue au moyen de notre formulaire ou qu'il y a \u00e9t\u00e9 r\u00e9pondu par e-mail, si elle n'a pas donn\u00e9 lieu \u00e0 un nouveau traitement, et si vous avez accept\u00e9 de recevoir des mailings commerciaux, jusqu'\u00e0 ce que vous demandiez \u00e0 vous en d\u00e9sinscrire.<\/p>\n\n\n\n<p><a href=\"mailto:info@flamtec.es\">- Envoi de courriers \u00e9lectroniques.<\/a><\/p>\n\n\n\n<p>Objectif : r\u00e9pondre \u00e0 vos demandes d'information, traiter vos demandes et r\u00e9pondre \u00e0 vos questions ou \u00e0 vos doutes. Si nous recevons votre curriculum vitae, vos donn\u00e9es personnelles et curriculaires peuvent faire partie de nos bases de donn\u00e9es afin de participer \u00e0 nos processus de s\u00e9lection actuels et futurs.<\/p>\n\n\n\n<p>L\u00e9gitimation : le consentement de l'utilisateur lorsqu'il demande des informations par le biais de l'adresse \u00e9lectronique ou lorsqu'il nous envoie ses donn\u00e9es et son CV pour participer \u00e0 nos processus de s\u00e9lection.<\/p>\n\n\n\n<p>Conservation : une fois que votre demande par courrier \u00e9lectronique a re\u00e7u une r\u00e9ponse, si elle n'a pas donn\u00e9 lieu \u00e0 un traitement ult\u00e9rieur. En cas de r\u00e9ception de votre CV, vos donn\u00e9es peuvent \u00eatre conserv\u00e9es pendant un an au maximum pour des processus de s\u00e9lection ult\u00e9rieurs.<\/p>\n\n\n\n<p><strong>Obligation de nous fournir vos donn\u00e9es personnelles et cons\u00e9quences d'un refus.<\/strong><\/p>\n\n\n\n<p>La fourniture de donn\u00e9es \u00e0 caract\u00e8re personnel requiert un \u00e2ge minimum de 14 ans ou, le cas \u00e9ch\u00e9ant, l'\u00e2ge minimum fix\u00e9 par la r\u00e9glementation applicable en mati\u00e8re de protection des donn\u00e9es et\/ou une capacit\u00e9 juridique suffisante pour conclure un contrat.<\/p>\n\n\n\n<p>Les donn\u00e9es personnelles demand\u00e9es sont n\u00e9cessaires pour g\u00e9rer vos demandes, vous enregistrer en tant qu'utilisateur et\/ou vous fournir les services que vous pouvez contracter, de sorte que si vous ne les fournissez pas, nous ne serons pas en mesure de vous r\u00e9pondre correctement ou de vous fournir le service que vous avez demand\u00e9.<\/p>\n\n\n\n<p>En tout \u00e9tat de cause, nous nous r\u00e9servons le droit de d\u00e9cider d'inclure ou non vos donn\u00e9es personnelles et autres informations dans nos bases de donn\u00e9es.&nbsp;<\/p>\n\n\n\n<h3 class=\"wp-block-heading\" id=\"h-destinatarios-de-sus-datos\"><strong>LES DESTINATAIRES DE VOS DONN\u00c9ES.<\/strong><\/h3>\n\n\n\n<p>Vos donn\u00e9es sont confidentielles et ne sont pas transmises \u00e0 des tiers, sauf en cas d'obligation l\u00e9gale.<\/p>\n\n\n\n<h3 class=\"wp-block-heading\" id=\"h-cookies\"><strong>COOKIES<\/strong><\/h3>\n\n\n\n<p>OPTION A : Ce site web n'utilise pas de cookies et, par cons\u00e9quent, aucune donn\u00e9e de connexion et\/ou d'appareil n'est trait\u00e9e \u00e0 des fins statistiques, pas plus que les habitudes de navigation ne sont enregistr\u00e9es \u00e0 des fins publicitaires. Par cons\u00e9quent, conform\u00e9ment \u00e0 l'article 22 de la loi sur les services de la soci\u00e9t\u00e9 de l'information, votre consentement n'est pas requis pour leur installation temporaire pendant votre session de navigation.<\/p>\n\n\n\n<p>OPTION B : Ce site web n'utilise que des cookies permettant le fonctionnement et la fourniture des services qui y sont propos\u00e9s et, le cas \u00e9ch\u00e9ant, des cookies propres \u00e0 la seule fin de mesurer l'audience de ce site et donc consid\u00e9r\u00e9s comme exempt\u00e9s de consentement. Par cons\u00e9quent, conform\u00e9ment \u00e0 l'article 22 de la loi sur les services de la soci\u00e9t\u00e9 de l'information, votre consentement n'est pas requis pour leur installation.<\/p>\n\n\n\n<p>OPTION C : Ce site utilise des cookies techniques, de personnalisation et d'analyse, les n\u00f4tres et ceux de tiers, qui traitent les donn\u00e9es de connexion et\/ou de dispositif \u00e0 des fins statistiques, mais en aucun cas ils ne capturent les habitudes de navigation \u00e0 des fins publicitaires. Par cons\u00e9quent, en acc\u00e9dant \u00e0 notre site web, conform\u00e9ment \u00e0 l'article 22 de la loi sur la soci\u00e9t\u00e9 de l'information, lors du traitement des cookies susmentionn\u00e9s, nous vous avons demand\u00e9 votre consentement \u00e0 leur utilisation et vous avons fourni des informations \u00e0 leur sujet.<\/p>\n\n\n\n<p>OPTION D : Ce site utilise des cookies techniques, de personnalisation, d'analyse et de publicit\u00e9, des cookies propres et de tiers qui traitent les donn\u00e9es de connexion et\/ou de dispositif, ainsi que les habitudes de navigation \u00e0 des fins statistiques et publicitaires. Par cons\u00e9quent, en acc\u00e9dant \u00e0 notre site web, conform\u00e9ment \u00e0 l'article 22 de la loi sur les services de la soci\u00e9t\u00e9 de l'information, lors du traitement des cookies susmentionn\u00e9s, nous vous avons demand\u00e9 votre consentement \u00e0 leur utilisation et vous avons fourni des informations \u00e0 leur sujet.<\/p>\n\n\n\n<h3 class=\"wp-block-heading\" id=\"h-derechos-en-relacion-con-sus-datos-personales\"><strong>DROITS RELATIFS \u00c0 VOS DONN\u00c9ES PERSONNELLES.<\/strong><\/h3>\n\n\n\n<p>Toute personne peut retirer son consentement \u00e0 tout moment, lorsque celui-ci a \u00e9t\u00e9 accord\u00e9 pour le traitement de ses donn\u00e9es. En aucun cas le retrait de ce consentement ne conditionne l'ex\u00e9cution du contrat d'abonnement ou des relations pr\u00e9c\u00e9demment g\u00e9n\u00e9r\u00e9es.<\/p>\n\n\n\n<p>Vous pouvez \u00e9galement exercer les droits suivants :<\/p>\n\n\n\n<p>- Demander l'acc\u00e8s ou la rectification de vos donn\u00e9es personnelles si elles sont inexactes.<\/p>\n\n\n\n<p>- Demander la suppression lorsque, entre autres raisons, les donn\u00e9es ne sont plus n\u00e9cessaires aux fins pour lesquelles elles ont \u00e9t\u00e9 collect\u00e9es.<\/p>\n\n\n\n<p>- Demander la limitation du traitement dans certaines circonstances.<\/p>\n\n\n\n<p>- Demander \u00e0 s'opposer au traitement de vos donn\u00e9es pour des raisons tenant \u00e0 votre situation particuli\u00e8re.<\/p>\n\n\n\n<p>- Demander la portabilit\u00e9 des donn\u00e9es dans les cas pr\u00e9vus par le r\u00e8glement.<\/p>\n\n\n\n<p>- Autres droits reconnus dans la r\u00e9glementation applicable.<\/p>\n\n\n\n<p>O\u00f9 et comment demander vos droits : en \u00e9crivant au responsable du traitement \u00e0 son adresse postale ou \u00e9lectronique (indiqu\u00e9e dans la section A), en indiquant la r\u00e9f\u00e9rence \"Donn\u00e9es \u00e0 caract\u00e8re personnel\", en pr\u00e9cisant le droit que vous souhaitez exercer et les donn\u00e9es \u00e0 caract\u00e8re personnel concern\u00e9es.<\/p>\n\n\n\n<p>En cas de d\u00e9saccord avec l'entreprise concernant le traitement de vos donn\u00e9es, vous pouvez d\u00e9poser une plainte aupr\u00e8s de l'Agence de protection des donn\u00e9es (<a href=\"http:\/\/www.agpd.es\/\" target=\"_blank\" rel=\"noreferrer noopener\">www.agpd.es<\/a>).<\/p>\n\n\n\n<h3 class=\"wp-block-heading\" id=\"h-seguridad-de-sus-datos-personales\"><strong>LA S\u00c9CURIT\u00c9 DE VOS DONN\u00c9ES PERSONNELLES<\/strong><\/h3>\n\n\n\n<p>Afin de garantir la s\u00e9curit\u00e9 de vos donn\u00e9es personnelles, nous vous informons que nous avons pris toutes les mesures techniques et organisationnelles n\u00e9cessaires pour garantir la s\u00e9curit\u00e9 des donn\u00e9es personnelles fournies contre l'alt\u00e9ration, la perte et le traitement ou l'acc\u00e8s non autoris\u00e9.<\/p>\n\n\n\n<ol class=\"wp-block-list\"><\/ol>\n\n\n\n<h3 class=\"wp-block-heading\" id=\"h-actualizacion-de-sus-datos\"><strong>LA MISE \u00c0 JOUR DE VOS DONN\u00c9ES<\/strong><\/h3>\n\n\n\n<p>Pour que nous puissions tenir \u00e0 jour vos donn\u00e9es personnelles, il est important que vous nous informiez de toute modification de vos donn\u00e9es personnelles, faute de quoi nous ne pourrons \u00eatre tenus responsables de l'exactitude des donn\u00e9es.<\/p>\n\n\n\n<ol class=\"wp-block-list\"><\/ol>\n\n\n\n<p>Nous ne sommes pas responsables de la politique de confidentialit\u00e9 concernant les donn\u00e9es personnelles que vous pouvez fournir \u00e0 des tiers par le biais des liens disponibles sur notre site web.<\/p>\n\n\n\n<p>Cette politique de confidentialit\u00e9 a \u00e9t\u00e9 mise \u00e0 jour le 05\/09\/2024 et peut \u00eatre modifi\u00e9e pour l'adapter aux changements qui se produisent sur notre site Web, ainsi qu'aux changements l\u00e9gislatifs ou jurisprudentiels sur les donn\u00e9es personnelles qui peuvent appara\u00eetre, de sorte qu'il est n\u00e9cessaire de la lire, chaque fois que vous nous fournissez vos donn\u00e9es par le biais de ce site Web.<\/p>\n\n\n\n<p><\/p>","protected":false},"excerpt":{"rendered":"<p>La confidentialit\u00e9 et la s\u00e9curit\u00e9 sont des valeurs fondamentales de FLAMTEC COMBUSTSION IBERICA, S.L. et, par cons\u00e9quent, nous nous engageons \u00e0 garantir la confidentialit\u00e9 de l'utilisateur \u00e0 tout moment et \u00e0 ne pas collecter d'informations inutiles. Nous vous fournissons ci-dessous toutes les informations n\u00e9cessaires sur notre politique de confidentialit\u00e9 en ce qui concerne les donn\u00e9es personnelles que nous recueillons, [...]<\/p>","protected":false},"author":1,"featured_media":0,"parent":0,"menu_order":0,"comment_status":"closed","ping_status":"open","template":"","meta":{"_acf_changed":false,"site-sidebar-layout":"default","site-content-layout":"","ast-site-content-layout":"default","site-content-style":"default","site-sidebar-style":"default","ast-global-header-display":"","ast-banner-title-visibility":"","ast-main-header-display":"","ast-hfb-above-header-display":"","ast-hfb-below-header-display":"","ast-hfb-mobile-header-display":"","site-post-title":"","ast-breadcrumbs-content":"","ast-featured-img":"","footer-sml-layout":"","ast-disable-related-posts":"","theme-transparent-header-meta":"","adv-header-id-meta":"","stick-header-meta":"","header-above-stick-meta":"","header-main-stick-meta":"","header-below-stick-meta":"","astra-migrate-meta-layouts":"set","ast-page-background-enabled":"default","ast-page-background-meta":{"desktop":{"background-color":"var(--ast-global-color-4)","background-image":"","background-repeat":"repeat","background-position":"center center","background-size":"auto","background-attachment":"scroll","background-type":"","background-media":"","overlay-type":"","overlay-color":"","overlay-opacity":"","overlay-gradient":""},"tablet":{"background-color":"","background-image":"","background-repeat":"repeat","background-position":"center center","background-size":"auto","background-attachment":"scroll","background-type":"","background-media":"","overlay-type":"","overlay-color":"","overlay-opacity":"","overlay-gradient":""},"mobile":{"background-color":"","background-image":"","background-repeat":"repeat","background-position":"center center","background-size":"auto","background-attachment":"scroll","background-type":"","background-media":"","overlay-type":"","overlay-color":"","overlay-opacity":"","overlay-gradient":""}},"ast-content-background-meta":{"desktop":{"background-color":"var(--ast-global-color-5)","background-image":"","background-repeat":"repeat","background-position":"center center","background-size":"auto","background-attachment":"scroll","background-type":"","background-media":"","overlay-type":"","overlay-color":"","overlay-opacity":"","overlay-gradient":""},"tablet":{"background-color":"var(--ast-global-color-5)","background-image":"","background-repeat":"repeat","background-position":"center center","background-size":"auto","background-attachment":"scroll","background-type":"","background-media":"","overlay-type":"","overlay-color":"","overlay-opacity":"","overlay-gradient":""},"mobile":{"background-color":"var(--ast-global-color-5)","background-image":"","background-repeat":"repeat","background-position":"center center","background-size":"auto","background-attachment":"scroll","background-type":"","background-media":"","overlay-type":"","overlay-color":"","overlay-opacity":"","overlay-gradient":""}},"footnotes":""},"class_list":["post-3","page","type-page","status-publish","hentry"],"acf":[],"yoast_head":"<!-- This site is optimized with the Yoast SEO Premium plugin v27.4 (Yoast SEO v27.4) - https:\/\/yoast.com\/product\/yoast-seo-premium-wordpress\/ -->\n<title>Pol\u00edtica de Privacidad - Flamtec<\/title>\n<meta name=\"robots\" content=\"noindex, nofollow\" \/>\n<meta property=\"og:locale\" content=\"fr_FR\" \/>\n<meta property=\"og:type\" content=\"article\" \/>\n<meta property=\"og:title\" content=\"Pol\u00edtica de Privacidad\" \/>\n<meta property=\"og:description\" content=\"La confidencialidad y la seguridad son valores primordiales de FLAMTEC COMBUSTSION IBERICA, S.L. y, en consecuencia, asumimos el compromiso de garantizar la privacidad del usuario en todo momento y de no recabar informaci\u00f3n innecesaria. A continuaci\u00f3n, le proporcionamos toda la informaci\u00f3n necesaria sobre nuestra Pol\u00edtica de Privacidad en relaci\u00f3n con los datos personales que recabamos, [&hellip;]\" \/>\n<meta property=\"og:url\" content=\"https:\/\/flamtec.es\/fr\/politica-de-privacidad\/\" \/>\n<meta property=\"og:site_name\" content=\"Flamtec\" \/>\n<meta property=\"article:modified_time\" content=\"2025-04-07T07:16:39+00:00\" \/>\n<meta name=\"twitter:card\" content=\"summary_large_image\" \/>\n<meta name=\"twitter:label1\" content=\"Dur\u00e9e de lecture estim\u00e9e\" \/>\n\t<meta name=\"twitter:data1\" content=\"6 minutes\" \/>\n<script type=\"application\/ld+json\" class=\"yoast-schema-graph\">{\"@context\":\"https:\\\/\\\/schema.org\",\"@graph\":[{\"@type\":\"WebPage\",\"@id\":\"https:\\\/\\\/flamtec.es\\\/en\\\/politica-de-privacidad\\\/\",\"url\":\"https:\\\/\\\/flamtec.es\\\/en\\\/politica-de-privacidad\\\/\",\"name\":\"Pol\u00edtica de Privacidad - Flamtec\",\"isPartOf\":{\"@id\":\"https:\\\/\\\/flamtec.es\\\/en\\\/#website\"},\"datePublished\":\"2022-07-01T13:40:18+00:00\",\"dateModified\":\"2025-04-07T07:16:39+00:00\",\"breadcrumb\":{\"@id\":\"https:\\\/\\\/flamtec.es\\\/en\\\/politica-de-privacidad\\\/#breadcrumb\"},\"inLanguage\":\"fr-FR\",\"potentialAction\":[{\"@type\":\"ReadAction\",\"target\":[\"https:\\\/\\\/flamtec.es\\\/en\\\/politica-de-privacidad\\\/\"]}]},{\"@type\":\"BreadcrumbList\",\"@id\":\"https:\\\/\\\/flamtec.es\\\/en\\\/politica-de-privacidad\\\/#breadcrumb\",\"itemListElement\":[{\"@type\":\"ListItem\",\"position\":1,\"name\":\"Portada\",\"item\":\"https:\\\/\\\/flamtec.es\\\/\"},{\"@type\":\"ListItem\",\"position\":2,\"name\":\"Pol\u00edtica de Privacidad\"}]},{\"@type\":\"WebSite\",\"@id\":\"https:\\\/\\\/flamtec.es\\\/en\\\/#website\",\"url\":\"https:\\\/\\\/flamtec.es\\\/en\\\/\",\"name\":\"Flamtec Combusti\u00f3n Ib\u00e9rica\",\"description\":\"Tecnolog\u00eda de la Combusti\u00f3n\",\"publisher\":{\"@id\":\"https:\\\/\\\/flamtec.es\\\/en\\\/#organization\"},\"alternateName\":\"Flamtec\",\"potentialAction\":[{\"@type\":\"SearchAction\",\"target\":{\"@type\":\"EntryPoint\",\"urlTemplate\":\"https:\\\/\\\/flamtec.es\\\/en\\\/?s={search_term_string}\"},\"query-input\":{\"@type\":\"PropertyValueSpecification\",\"valueRequired\":true,\"valueName\":\"search_term_string\"}}],\"inLanguage\":\"fr-FR\"},{\"@type\":\"Organization\",\"@id\":\"https:\\\/\\\/flamtec.es\\\/en\\\/#organization\",\"name\":\"Flamtec Combusti\u00f3n Ib\u00e9rica\",\"alternateName\":\"Flamtec\",\"url\":\"https:\\\/\\\/flamtec.es\\\/en\\\/\",\"logo\":{\"@type\":\"ImageObject\",\"inLanguage\":\"fr-FR\",\"@id\":\"https:\\\/\\\/flamtec.es\\\/en\\\/#\\\/schema\\\/logo\\\/image\\\/\",\"url\":\"https:\\\/\\\/flamtec.es\\\/wp-content\\\/uploads\\\/2022\\\/12\\\/Logo-rgb.svg\",\"contentUrl\":\"https:\\\/\\\/flamtec.es\\\/wp-content\\\/uploads\\\/2022\\\/12\\\/Logo-rgb.svg\",\"width\":288,\"height\":202,\"caption\":\"Flamtec Combusti\u00f3n Ib\u00e9rica\"},\"image\":{\"@id\":\"https:\\\/\\\/flamtec.es\\\/en\\\/#\\\/schema\\\/logo\\\/image\\\/\"}}]}<\/script>\n<!-- \/ Yoast SEO Premium plugin. -->","yoast_head_json":{"title":"Pol\u00edtica de Privacidad - Flamtec","robots":{"index":"noindex","follow":"nofollow"},"og_locale":"fr_FR","og_type":"article","og_title":"Pol\u00edtica de Privacidad","og_description":"La confidencialidad y la seguridad son valores primordiales de FLAMTEC COMBUSTSION IBERICA, S.L. y, en consecuencia, asumimos el compromiso de garantizar la privacidad del usuario en todo momento y de no recabar informaci\u00f3n innecesaria. A continuaci\u00f3n, le proporcionamos toda la informaci\u00f3n necesaria sobre nuestra Pol\u00edtica de Privacidad en relaci\u00f3n con los datos personales que recabamos, [&hellip;]","og_url":"https:\/\/flamtec.es\/fr\/politica-de-privacidad\/","og_site_name":"Flamtec","article_modified_time":"2025-04-07T07:16:39+00:00","twitter_card":"summary_large_image","twitter_misc":{"Dur\u00e9e de lecture estim\u00e9e":"6 minutes"},"schema":{"@context":"https:\/\/schema.org","@graph":[{"@type":"WebPage","@id":"https:\/\/flamtec.es\/en\/politica-de-privacidad\/","url":"https:\/\/flamtec.es\/en\/politica-de-privacidad\/","name":"Pol\u00edtica de Privacidad - Flamtec","isPartOf":{"@id":"https:\/\/flamtec.es\/en\/#website"},"datePublished":"2022-07-01T13:40:18+00:00","dateModified":"2025-04-07T07:16:39+00:00","breadcrumb":{"@id":"https:\/\/flamtec.es\/en\/politica-de-privacidad\/#breadcrumb"},"inLanguage":"fr-FR","potentialAction":[{"@type":"ReadAction","target":["https:\/\/flamtec.es\/en\/politica-de-privacidad\/"]}]},{"@type":"BreadcrumbList","@id":"https:\/\/flamtec.es\/en\/politica-de-privacidad\/#breadcrumb","itemListElement":[{"@type":"ListItem","position":1,"name":"Portada","item":"https:\/\/flamtec.es\/"},{"@type":"ListItem","position":2,"name":"Pol\u00edtica de Privacidad"}]},{"@type":"WebSite","@id":"https:\/\/flamtec.es\/en\/#website","url":"https:\/\/flamtec.es\/en\/","name":"Flamtec Combusti\u00f3n Ib\u00e9rica","description":"Tecnolog\u00eda de la Combusti\u00f3n","publisher":{"@id":"https:\/\/flamtec.es\/en\/#organization"},"alternateName":"Flamtec","potentialAction":[{"@type":"SearchAction","target":{"@type":"EntryPoint","urlTemplate":"https:\/\/flamtec.es\/en\/?s={search_term_string}"},"query-input":{"@type":"PropertyValueSpecification","valueRequired":true,"valueName":"search_term_string"}}],"inLanguage":"fr-FR"},{"@type":"Organization","@id":"https:\/\/flamtec.es\/en\/#organization","name":"Flamtec Combusti\u00f3n Ib\u00e9rica","alternateName":"Flamtec","url":"https:\/\/flamtec.es\/en\/","logo":{"@type":"ImageObject","inLanguage":"fr-FR","@id":"https:\/\/flamtec.es\/en\/#\/schema\/logo\/image\/","url":"https:\/\/flamtec.es\/wp-content\/uploads\/2022\/12\/Logo-rgb.svg","contentUrl":"https:\/\/flamtec.es\/wp-content\/uploads\/2022\/12\/Logo-rgb.svg","width":288,"height":202,"caption":"Flamtec Combusti\u00f3n Ib\u00e9rica"},"image":{"@id":"https:\/\/flamtec.es\/en\/#\/schema\/logo\/image\/"}}]}},"_links":{"self":[{"href":"https:\/\/flamtec.es\/fr\/wp-json\/wp\/v2\/pages\/3","targetHints":{"allow":["GET"]}}],"collection":[{"href":"https:\/\/flamtec.es\/fr\/wp-json\/wp\/v2\/pages"}],"about":[{"href":"https:\/\/flamtec.es\/fr\/wp-json\/wp\/v2\/types\/page"}],"author":[{"embeddable":true,"href":"https:\/\/flamtec.es\/fr\/wp-json\/wp\/v2\/users\/1"}],"replies":[{"embeddable":true,"href":"https:\/\/flamtec.es\/fr\/wp-json\/wp\/v2\/comments?post=3"}],"version-history":[{"count":2,"href":"https:\/\/flamtec.es\/fr\/wp-json\/wp\/v2\/pages\/3\/revisions"}],"predecessor-version":[{"id":1186,"href":"https:\/\/flamtec.es\/fr\/wp-json\/wp\/v2\/pages\/3\/revisions\/1186"}],"wp:attachment":[{"href":"https:\/\/flamtec.es\/fr\/wp-json\/wp\/v2\/media?parent=3"}],"curies":[{"name":"wp","href":"https:\/\/api.w.org\/{rel}","templated":true}]}}